{"id":17,"date":"2020-11-01T10:48:52","date_gmt":"2020-11-01T09:48:52","guid":{"rendered":"http:\/\/wspomozycielka-lodz.pl\/?page_id=17"},"modified":"2020-11-01T15:06:14","modified_gmt":"2020-11-01T14:06:14","slug":"rys-historyczny","status":"publish","type":"page","link":"https:\/\/wspomozycielka-lodz.pl\/?page_id=17","title":{"rendered":"Rys Historyczny"},"content":{"rendered":"\n<p>Obecny ko\u015bci\u00f3\u0142 parafialny przy ul. Wodnej swoje pocz\u0105tki wi\u0105\u017ce z istnieniem Szko\u0142y Rzemios\u0142, dla kt\u00f3rej przemys\u0142owiec Emil Geyer zakupi\u0142 plac w 1903 roku i wystawi\u0142 gmach szkolny. Zarz\u0105d nad ni\u0105 przekaza\u0142 Towarzystwu Dobroczynnemu, kt\u00f3re z kolei odda\u0142o j\u0105 Towarzystwu Rzemie\u015blniczemu \u201eResursa\u201d. Szko\u0142a prze\u017cywa\u0142a jednak du\u017ce trudno\u015bci, dlatego staraniem biskupa Wincentego Tymienieckiego w 1922 roku jej kierownictwo powierzono Towarzystwu Salezja\u0144skiemu. 15 pa\u017adziernika 1922 roku kardyna\u0142 A. Kakowski w asy\u015bcie biskupa S.K. Zdzitowieckiego i biskupa W. Tymienieckiego po\u015bwi\u0119ci\u0142 kaplic\u0119 szkoln\u0105. Ze szkolnej kaplicy korzystali tak\u017ce okoliczni mieszka\u0144cy, uczestnicz\u0105c we mszy \u015bwi\u0119tej czy te\u017c przyst\u0119puj\u0105c do sakramentu pojednania. W 1924 roku salezjanie otrzymali aktem darowizny Szko\u0142\u0119 Rzemios\u0142 na w\u0142asno\u015b\u0107. W tym samym roku Zarz\u0105d m. \u0141odzi przyzna\u0142 s\u0105siedni plac na rozbudow\u0119 szko\u0142y. Ceniony \u0142\u00f3dzki in\u017cynier Wies\u0142aw Lisowski wykona\u0142 nieodp\u0142atnie plany, obejmuj\u0105ce kompleks budynk\u00f3w szkolnych, warsztaty i ko\u015bci\u00f3\u0142. Pocz\u0105tkowo prace budowlane sz\u0142y do\u015b\u0107 szybko, cz\u0119\u015bciowo wybudowano budynki szkolne z sal\u0105 teatraln\u0105 i warsztaty. Sal\u0119 teatraln\u0105 przeznaczono na kaplic\u0119, kt\u00f3r\u0105 po\u015bwi\u0119ci\u0142 biskup W. Tymieniecki. W maju 1926 r. w nowej du\u017cej kaplicy m\u00f3g\u0142 odby\u0107 si\u0119 Salezja\u0144ski Kongres Misyjny.<br>Post\u0119puj\u0105cy rozw\u00f3j plac\u00f3wki szkolno-wychowawczej przy ul. Wodnej zosta\u0142 nagle zahamowany przez wybuch drugiej wojny \u015bwiatowej. Kaplic\u0119 ostatecznie zamkni\u0119to w pa\u017adzierniku 1941 roku. Pocz\u0105tkowo pe\u0142ni\u0142a ona funkcj\u0119 magazynu, a od 1943 roku urz\u0105dzono w niej sypialni\u0119 dla ludzi, kt\u00f3rzy byli przywo\u017ceni na kursy szkoleniowe. Obydwie zakrystie hitlerowcy przeznaczyli na katownie.<br>Bezpo\u015brednio po oswobodzeniu \u0141odzi salezjanie powr\u00f3cili na swoj\u0105 plac\u00f3wk\u0119, podejmuj\u0105c przerwan\u0105 prac\u0119. W styczniu 1945 roku przyst\u0105piono do organizowania plac\u00f3wki o\u015bwiatowo-wychowawczej. Jednak nowe w\u0142adze pa\u0144stwowe coraz bardziej zmierza\u0142y do likwidacji dzie\u0142a salezja\u0144skiego. Kuratorium Okr\u0119gu \u0141\u00f3dzkiego ju\u017c na pocz\u0105tku roku szkolnego 1961\/62 zapowiedzia\u0142o salezjanom, i\u017c jest to ostatni rok ich dzia\u0142alno\u015bci. W roku 1962 nast\u0105pi\u0142o zaj\u0119cie wszystkich pomieszcze\u0144 szkolnych, warsztatowych i internackich. Dotychczasowym w\u0142a\u015bcicielom wydzielono cz\u0119\u015b\u0107 mieszkaln\u0105 dla inspektoratu oraz wsp\u00f3\u0142braci obs\u0142uguj\u0105cych, kaplic\u0119, kt\u00f3ra spe\u0142nia\u0142a rol\u0119 ko\u015bcio\u0142a. Po przej\u0119ciu szko\u0142y przez pa\u0144stwo, g\u0142\u00f3wnym o\u015brodkiem dzia\u0142alno\u015bci salezja\u0144skiej sta\u0142 si\u0119 wi\u0119c ko\u015bci\u00f3\u0142. Od 1960 roku przy kaplicy Matki Bo\u017cej Wspomo\u017cenia Wiernych istnia\u0142 i dzia\u0142a\u0142 przy tutejszym ko\u015bciele samodzielny o\u015brodek duszpasterski jako filia parafii pw. Podwy\u017cszenia \u015awi\u0119tego Krzy\u017ca. Pocz\u0105tkowo prze\u0142o\u017cony domu zakonnego by\u0142 wikariuszem tej parafii i dopiero 24 maja 1978 roku biskup J\u00f3zef Rozwadowski utworzy\u0142 parafi\u0119 pw. Matki Bo\u017cej Wspomo\u017cenia Wiernych. W latach 1981\u20131986 przeprowadzono gruntowny remont wej\u015bcia i ca\u0142ej kaplicy, nadaj\u0105c jej jednolity wystr\u00f3j sakralny.<br>Po upadku w\u0142adzy komunistycznej i zmianie rz\u0105du w Polsce w 1989 roku zaistnia\u0142a dogodna mo\u017cliwo\u015b\u0107 odzyskania w\u0142asno\u015bci w \u0141odzi. W roku 1991 utworzono Salezja\u0144skie Liceum Og\u00f3lnokszta\u0142c\u0105ce im. ks. Bosko. W wyniku reformy szkolnictwa, w 1999 roku w budynku szko\u0142y powsta\u0142o Salezja\u0144skie Gimnazjum, natomiast w 2017 roku rozpocz\u0119\u0142a funkcjonowanie Salezja\u0144ska Szko\u0142a Podstawowa. Od 2020 roku salezjanie wznowili tradycje zawodowe inauguruj\u0105c Technikum Salezja\u0144skie w ramach Salezja\u0144skich Szk\u00f3\u0142 Rzemios\u0142 w \u0141odzi.<\/p>\n","protected":false},"excerpt":{"rendered":"<p>Obecny ko\u015bci\u00f3\u0142 parafialny przy ul. Wodnej swoje pocz\u0105tki wi\u0105\u017ce z istnieniem Szko\u0142y Rzemios\u0142, dla kt\u00f3rej przemys\u0142owiec Emil Geyer zakupi\u0142 plac w 1903 roku i wystawi\u0142 gmach szkolny. Zarz\u0105d nad ni\u0105 przekaza\u0142 Towarzystwu Dobroczynnemu, kt\u00f3re z kolei odda\u0142o j\u0105 Towarzystwu Rzemie\u015blniczemu \u201eResursa\u201d. Szko\u0142a prze\u017cywa\u0142a jednak du\u017ce trudno\u015bci, dlatego staraniem biskupa Wincentego [&hellip;]<\/p>\n","protected":false},"author":1,"featured_media":33,"parent":0,"menu_order":0,"comment_status":"closed","ping_status":"closed","template":"","meta":{"_mc_calendar":[],"footnotes":""},"class_list":["post-17","page","type-page","status-publish","has-post-thumbnail","hentry"],"_links":{"self":[{"href":"https:\/\/wspomozycielka-lodz.pl\/index.php?rest_route=\/wp\/v2\/pages\/17","targetHints":{"allow":["GET"]}}],"collection":[{"href":"https:\/\/wspomozycielka-lodz.pl\/index.php?rest_route=\/wp\/v2\/pages"}],"about":[{"href":"https:\/\/wspomozycielka-lodz.pl\/index.php?rest_route=\/wp\/v2\/types\/page"}],"author":[{"embeddable":true,"href":"https:\/\/wspomozycielka-lodz.pl\/index.php?rest_route=\/wp\/v2\/users\/1"}],"replies":[{"embeddable":true,"href":"https:\/\/wspomozycielka-lodz.pl\/index.php?rest_route=%2Fwp%2Fv2%2Fcomments&post=17"}],"version-history":[{"count":5,"href":"https:\/\/wspomozycielka-lodz.pl\/index.php?rest_route=\/wp\/v2\/pages\/17\/revisions"}],"predecessor-version":[{"id":39,"href":"https:\/\/wspomozycielka-lodz.pl\/index.php?rest_route=\/wp\/v2\/pages\/17\/revisions\/39"}],"wp:featuredmedia":[{"embeddable":true,"href":"https:\/\/wspomozycielka-lodz.pl\/index.php?rest_route=\/wp\/v2\/media\/33"}],"wp:attachment":[{"href":"https:\/\/wspomozycielka-lodz.pl\/index.php?rest_route=%2Fwp%2Fv2%2Fmedia&parent=17"}],"curies":[{"name":"wp","href":"https:\/\/api.w.org\/{rel}","templated":true}]}}