{"id":168,"date":"2020-11-07T22:46:53","date_gmt":"2020-11-07T21:46:53","guid":{"rendered":"http:\/\/wspomozycielka-lodz.pl\/?page_id=168"},"modified":"2025-11-14T17:14:33","modified_gmt":"2025-11-14T16:14:33","slug":"wspolnoty","status":"publish","type":"page","link":"https:\/\/wspomozycielka-lodz.pl\/?page_id=168","title":{"rendered":"Wsp\u00f3lnoty"},"content":{"rendered":"\n<div class=\"wp-block-themeisle-blocks-advanced-columns has-1-columns has-desktop-equal-layout has-tablet-equal-layout has-mobile-equal-layout has-default-gap has-vertical-unset\" id=\"wp-block-themeisle-blocks-advanced-columns-8259f635\"><div class=\"wp-block-themeisle-blocks-advanced-columns-overlay\"><\/div><div class=\"innerblocks-wrap\">\n\n<div class=\"wp-block-themeisle-blocks-advanced-column\" id=\"wp-block-themeisle-blocks-advanced-column-8162290c\">\n\n<p><strong>Stowarzyszenie Salezjan\u00f3w Wsp\u00f3\u0142pracownik\u00f3w<\/strong><br>Stowarzyszenie katolickie, kt\u00f3re \u017cyje i dzia\u0142a zgodnie z duchem \u015bw. Jana Bosko w spo\u0142ecze\u0144stwie i Ko\u015bciele na rzecz wychowania m\u0142odzie\u017cy. Za\u0142o\u017cony przez Ksi\u0119dza Bosko w 1876 roku jest jedn\u0105 z grup Rodziny Salezja\u0144skiej. Stowarzyszenie wnosi do Rodziny salezja\u0144skiej specyficzne warto\u015bci swego stanu \u015bwieckiego. Wsp\u00f3\u0142pracownik jest wi\u0119c \u201eprawdziwym salezjaninem\u201d \u017cyj\u0105cym w \u015bwiecie. Salezjanie Wsp\u00f3\u0142pracownicy sk\u0142adaj\u0105 uroczyste przyrzeczenie i zobowi\u0105zuj\u0105 si\u0119 \u017cy\u0107 Programem \u017bycia Apostolskiego. Miesi\u0119czne spotkania Salezjan\u00f3w Wsp\u00f3\u0142pracownik\u00f3w odbywaj\u0105 si\u0119 w 2. niedziel\u0119 miesi\u0105ca po Mszy \u015bw. o godz. 11.30. Koordynatorem wsp\u00f3lnoty lokalnej im. \u015aw. Jana Bosko przy ul. Wodnej 36 jest p. Krystian Stepuch.<br><br><strong>Oratorium \u015bw. Dominika Savio<br><\/strong>Jest miejscem dzia\u0142alno\u015bci wychowawczej dla dzieci i m\u0142odzie\u017cy. W oratorium prowadzone s\u0105 zaj\u0119cia z zakresu edukacji (w tym pomoc w nauce), rozwijaj\u0105ce zainteresowania kulturalne (plastyczne, filmowe, fotograficzne, muzyczne), sportowo-rekreacyjne (gry i zabawy, turnieje sportowe), od poniedzia\u0142ku do pi\u0105tku w godz. 12.30-19.00. W ka\u017cdy czwartek dzieci i m\u0142odzie\u017c wraz z wychowawcami uczestnicz\u0105 we Mszy \u015bw. o godz. 18.00 w ko\u015bciele parafialnym. Oratorium ma swoje pomieszczenia w Salezja\u0144skim Obiekcie Sportowo-Dydaktycznym, do kt\u00f3rego wej\u015bcie znajduje si\u0119 od ul. Wysokiej 37. Kierownikiem Oratorium jest ks. Piotr Szlufik.<br><br><strong>S\u0142u\u017cba Liturgiczna<br><\/strong>To pos\u0142uga przy o\u0142tarzu podczas liturgii ko\u015bcielnych. Opiekunem ministrant\u00f3w jest ks. Piotr Szlufik.<br><br><strong>\u017bywy R\u00f3\u017caniec<\/strong><br>Wsp\u00f3lnot\u0119 tworz\u0105 grupy wiernych, nazwane \u201e\u017cywymi r\u00f3\u017cami\u201d, kt\u00f3rych cz\u0142onkowie zobowi\u0105zuj\u0105 si\u0119 do odmawiania codziennie jednej tajemnicy r\u00f3\u017ca\u0144ca. Celem Stowarzyszenia \u017bywego R\u00f3\u017ca\u0144ca jest wspieranie modlitw\u0105, ofiar\u0105 duchow\u0105 i materialn\u0105 dzia\u0142a\u0144 misyjnych Ko\u015bcio\u0142a. Msza \u015bw. w intencji cz\u0142onk\u00f3w \u017bywego R\u00f3\u017ca\u0144ca sprawowana jest w 1. sobot\u0119 miesi\u0105ca o godz. 7.30, po czym nast\u0119puje konferencja i zmiana tajemnic. Osob\u0105 odpowiedzialn\u0105 za \u017bywy R\u00f3\u017caniec w parafii jest p. Lucyna Karos.<br><br><strong>Arcybractwo Stra\u017cy Honorowej Naj\u015bwi\u0119tszego Serca Pana Jezusa<br><\/strong>Celem Stra\u017cy jest ofiarowanie wszystkiego Bo\u017cemu Sercu jako wynagrodzenie grzech\u00f3w \u015bwiata. Cz\u0142onkowie bractwa zobowi\u0105zuj\u0105 si\u0119: wiernie odprawia\u0107 Godzin\u0119 Obecno\u015bci przy Sercu Bo\u017cym, bra\u0107 udzia\u0142 w Godzinie \u015awi\u0119tej (wsp\u00f3lnotowo lub indywidualnie), bra\u0107 udzia\u0142 we Mszy \u015bwi\u0119tej wynagradzaj\u0105cej Bo\u017cemu Sercu za swoje grzechy i ca\u0142ego \u015bwiata w 1. pi\u0105tek miesi\u0105ca, szerzy\u0107 kult Naj\u015bwi\u0119tszego Serca Pana Jezusa, nawiedza\u0107 Naj\u015bwi\u0119tszy Sakrament oraz bra\u0107 udzia\u0142 w comiesi\u0119cznych spotkaniach Arcybractwa. Spotkania formacyjne cz\u0142onk\u00f3w Stra\u017cy Honorowej odbywaj\u0105 si\u0119 w 1. pi\u0105tek miesi\u0105ca po Mszy \u015bw. wieczornej. Zelatork\u0105 wsp\u00f3lnoty jest p. Zofia B\u0142awat.<br><br><strong>Wieczernik Modlitw za Kap\u0142an\u00f3w<br><\/strong>Cz\u0142onkowie Wsp\u00f3lnoty poprzez intencje Mszy \u015bw. za kap\u0142an\u00f3w oraz czuwania modlitewne upraszaj\u0105 dla kap\u0142an\u00f3w potrzebne \u0142aski i moc \u017cywej wiary. Spotkania cz\u0142onk\u00f3w Wieczernika odbywaj\u0105 si\u0119 w 2. czwartek miesi\u0105ca po mszy \u015bw. wieczornej. Osob\u0105 odpowiedzialn\u0105 jest p. Janina Tomaszewska.<br><br><strong>Sodalicja Maria\u0144ska<\/strong><br>To organizacja katolicka propaguj\u0105ca kult maryjny. Spotkania miesi\u0119czne cz\u0142onk\u00f3w Sodalicji Maria\u0144skiej odbywaj\u0105 si\u0119 w 24. dzie\u0144 miesi\u0105ca po mszy \u015bw. wieczornej. Osob\u0105 odpowiedzialn\u0105 jest p. Janina Rygier.<br><\/p>\n\n\n<p><strong>Ko\u0142o Przyjaci\u00f3\u0142 Radia Maryja<\/strong><br>Cz\u0142onkowie Ko\u0142a dbaj\u0105 o kszta\u0142towanie postaw religijnych i patriotycznych. W ka\u017cd\u0105 ostatni\u0105 niedziel\u0119 miesi\u0105ca jest przeprowadzana zbi\u00f3rka ofiar na Radio Maryja. Osob\u0105 odpowiedzialn\u0105 jest p. Janina Rygier.<br><br><strong>Asysta parafialna<\/strong><br>Asysta pe\u0142ni swoj\u0105 pos\u0142ug\u0119 w czasie wi\u0119kszych uroczysto\u015bci ko\u015bcielnych, jak Rezurekcja, Bo\u017ce Cia\u0142o czy odpust parafialny. M\u0119\u017cczy\u017ani asystuj\u0105 w procesji kap\u0142anowi z Naj\u015bwi\u0119tszym Sakramentem, nios\u0105c baldachim nad monstrancj\u0105, a tak\u017ce chor\u0105gwie i sztandary. Kobiety bior\u0105 udzia\u0142 w procesji nios\u0105c wst\u0105\u017cki, figury, feretrony i r\u00f3\u017caniec. Dzieci i m\u0142odzie\u017c nios\u0105 poduszki i symbole m\u0119ki Jezusa oraz sypi\u0105 kwiatki.<br><\/p>\n\n\n<p><strong>Zwi\u0105zek Harcerstwa Rzeczypospolitej<\/strong><br>Na terenie dzie\u0142a salezja\u0144skiego przy ul. Wodnej spotykaj\u0105 si\u0119 jednostki Zwi\u0105zku Harcerstwa Rzeczpospolitej (harcerze, harcerki, zuchy) oraz cz\u0142onkowie Stowarzyszenia Harcerstwa Katolickiego \u201eZawisza\u201d (Skauci Europy).<\/p>\n\n<\/div>\n\n<\/div><\/div>\n\n\n\n<p><strong>Stowarzyszenie Maryi Wspomo\u017cycielki<\/strong><\/p>\n","protected":false},"excerpt":{"rendered":"<p>Stowarzyszenie Maryi Wspomo\u017cycielki<\/p>\n","protected":false},"author":1,"featured_media":169,"parent":0,"menu_order":0,"comment_status":"closed","ping_status":"closed","template":"","meta":{"_mc_calendar":[],"footnotes":""},"class_list":["post-168","page","type-page","status-publish","has-post-thumbnail","hentry"],"_links":{"self":[{"href":"https:\/\/wspomozycielka-lodz.pl\/index.php?rest_route=\/wp\/v2\/pages\/168","targetHints":{"allow":["GET"]}}],"collection":[{"href":"https:\/\/wspomozycielka-lodz.pl\/index.php?rest_route=\/wp\/v2\/pages"}],"about":[{"href":"https:\/\/wspomozycielka-lodz.pl\/index.php?rest_route=\/wp\/v2\/types\/page"}],"author":[{"embeddable":true,"href":"https:\/\/wspomozycielka-lodz.pl\/index.php?rest_route=\/wp\/v2\/users\/1"}],"replies":[{"embeddable":true,"href":"https:\/\/wspomozycielka-lodz.pl\/index.php?rest_route=%2Fwp%2Fv2%2Fcomments&post=168"}],"version-history":[{"count":4,"href":"https:\/\/wspomozycielka-lodz.pl\/index.php?rest_route=\/wp\/v2\/pages\/168\/revisions"}],"predecessor-version":[{"id":1054,"href":"https:\/\/wspomozycielka-lodz.pl\/index.php?rest_route=\/wp\/v2\/pages\/168\/revisions\/1054"}],"wp:featuredmedia":[{"embeddable":true,"href":"https:\/\/wspomozycielka-lodz.pl\/index.php?rest_route=\/wp\/v2\/media\/169"}],"wp:attachment":[{"href":"https:\/\/wspomozycielka-lodz.pl\/index.php?rest_route=%2Fwp%2Fv2%2Fmedia&parent=168"}],"curies":[{"name":"wp","href":"https:\/\/api.w.org\/{rel}","templated":true}]}}