{"id":161,"date":"2020-11-07T22:41:10","date_gmt":"2020-11-07T21:41:10","guid":{"rendered":"http:\/\/wspomozycielka-lodz.pl\/?page_id=161"},"modified":"2020-11-07T22:41:10","modified_gmt":"2020-11-07T21:41:10","slug":"nasza-patronka","status":"publish","type":"page","link":"https:\/\/wspomozycielka-lodz.pl\/?page_id=161","title":{"rendered":"Nasza Patronka"},"content":{"rendered":"\n<div class=\"wp-block-themeisle-blocks-advanced-columns has-1-columns has-desktop-equal-layout has-tablet-equal-layout has-mobile-equal-layout has-default-gap has-vertical-unset\" id=\"wp-block-themeisle-blocks-advanced-columns-fe448ba8\"><div class=\"wp-block-themeisle-blocks-advanced-columns-overlay\"><\/div><div class=\"innerblocks-wrap\">\n<div class=\"wp-block-themeisle-blocks-advanced-column\" id=\"wp-block-themeisle-blocks-advanced-column-458ceae1\">\n<p><strong>Matka Bo\u017ca Wspomo\u017cenia Wiernych<\/strong><\/p>\n\n\n\n<p><strong><br><\/strong>Nabo\u017ce\u0144stwo do Matki Bo\u017cej Wspomo\u017cycielki si\u0119ga pocz\u0105tk\u00f3w chrze\u015bcija\u0144stwa. Tytu\u0142 Wspomo\u017cycielki Wiernych zawiera w sobie wszystkie wezwania, w kt\u00f3rych Ko\u015bci\u00f3\u0142 wyra\u017ca\u0142 Naj\u015bwi\u0119tszej Maryi Pannie potrzeby i troski swoich dzieci.<br>Pierwszym, kt\u00f3ry w historii Ko\u015bcio\u0142a u\u017cy\u0142 s\u0142owa \u201eWspomo\u017cycielka\u201d, jest \u015bw. Efrem, diakon i najwi\u0119kszy poeta syryjski, doktor Ko\u015bcio\u0142a (+ 373). Miejscem naj\u017cywiej rozwini\u0119tego kiedy\u015b kultu Wspomo\u017cycielki by\u0142a Bawaria. Pierwszy ko\u015bci\u00f3\u0142 pod wezwaniem Wspomo\u017cycielki w Bawarii stan\u0105\u0142 w Pasawie w roku 1624 z cudami s\u0142yn\u0105c\u0105 figur\u0105 Matki Bo\u017cej.<br>7 pa\u017adziernika 1571 r. or\u0119\u017c chrze\u015bcija\u0144ski odni\u00f3s\u0142 decyduj\u0105ce zwyci\u0119stwo nad flot\u0105 tureck\u0105, kt\u00f3ra zagra\u017ca\u0142a bezpo\u015brednio desantem Italii. Na pami\u0105tk\u0119 tego zwyci\u0119stwa papie\u017c \u015bw. Pius V w\u0142\u0105czy\u0142 do Litanii Loreta\u0144skiej nowe wezwanie &#8222;Wspomo\u017cenie wiernych, m\u00f3dl si\u0119 za nami&#8221;.<br>12 wrze\u015bnia 1683 r. kr\u00f3l Jan III Sobieski rozgromi\u0142 pod Wiedniem Turk\u00f3w. Jako podzi\u0119kowanie Matce Bo\u017cej za to zwyci\u0119stwo papie\u017c b\u0142. Innocenty XI w roku 1684 zatwierdzi\u0142 w Monachium, przy ko\u015bciele \u015bw. Piotra, bractwo Matki Bo\u017cej Wspomo\u017cycielki Wiernych.<br>W roku 1816 tytu\u0142 Matki Bo\u017cej Wspomo\u017cenia Wiernych wszed\u0142 do liturgii Ko\u015bcio\u0142a, gdy papie\u017c Pius VII ustanowi\u0142 \u015bwi\u0119to Matki Bo\u017cej pod tym wezwaniem na dzie\u0144 24 maja jako podzi\u0119kowanie Matce Bo\u017cej za to, \u017ce w\u0142a\u015bnie tego dnia, uwolniony z niewoli Napoleona, m\u00f3g\u0142 szcz\u0119\u015bliwie powr\u00f3ci\u0107 na osierocon\u0105 przez szereg lat stolic\u0119 rzymsk\u0105.<br>Wielu \u015bwi\u0119tych mia\u0142o szczeg\u00f3lne nabo\u017ce\u0144stwo do Matki Bo\u017cej Wspomo\u017cycielki Wiernych. Jej s\u0142ynny wizerunek w Turynie zosta\u0142 namalowany na zam\u00f3wienie \u015bw. Jana Bosko, kt\u00f3ry opr\u00f3cz salezjan\u00f3w za\u0142o\u017cy\u0142 tak\u017ce zgromadzenie si\u00f3str C\u00f3rek Matki Wspomo\u017cycielki oraz Stowarzyszenie Maryi Wspomo\u017cycielki (ADMA).<br>Wielkim czcicielem Matki Bo\u017cej Wspomo\u017cycielki by\u0142 salezjanin, prymas Polski, kardyna\u0142 August Hlond. Nie mniej \u017carliwym aposto\u0142em Maryi Wspomo\u017cycielki by\u0142 jego nast\u0119pca, kardyna\u0142 Stefan Wyszy\u0144ski. 5 wrze\u015bnia 1958 roku dzi\u0119ki jego staraniom Episkopat Polski wni\u00f3s\u0142 do Stolicy Apostolskiej pro\u015bb\u0119 o wprowadzenie \u015bwi\u0119ta Maryi Wspomo\u017cycielki Wiernych w liturgicznym kalendarzu polskim. Episkopat Polski chcia\u0142 w ten spos\u00f3b podkre\u015bli\u0107, \u017ce nar\u00f3d polski nie tylko wyr\u00f3\u017cnia\u0142 si\u0119 w\u015br\u00f3d innych narod\u00f3w wielkim nabo\u017ce\u0144stwem do Naj\u015bwi\u0119tszej Maryi Panny, ale \u017ce mo\u017ce wymieni\u0107 wiele dat, kiedy dozna\u0142 Jej szczeg\u00f3lniejszej opieki. \/www.brewiarz.pl\/<br>Ko\u015bci\u00f3\u0142 Matki Bo\u017cej Wspomo\u017cenia Wiernych w \u0141odzi jest jedn\u0105 z wielu \u015bwi\u0105ty\u0144 pod tym wezwaniem. Salezja\u0144skie ko\u015bcio\u0142y dedykowane Maryi Wspomo\u017cycielce s\u0105 w Aleksandrowie Kujawskim, Baniach, Broczynie, G\u0142oskowie, Kamyku, Krakowie, Lublinie, \u0141odzi, O\u015bwi\u0119cimiu, Poznaniu, Rumii, Skawie, Twardog\u00f3rze.<\/p>\n<\/div>\n<\/div><\/div>\n","protected":false},"excerpt":{"rendered":"","protected":false},"author":1,"featured_media":26,"parent":0,"menu_order":0,"comment_status":"closed","ping_status":"closed","template":"","meta":{"_mc_calendar":[],"footnotes":""},"class_list":["post-161","page","type-page","status-publish","has-post-thumbnail","hentry"],"_links":{"self":[{"href":"https:\/\/wspomozycielka-lodz.pl\/index.php?rest_route=\/wp\/v2\/pages\/161","targetHints":{"allow":["GET"]}}],"collection":[{"href":"https:\/\/wspomozycielka-lodz.pl\/index.php?rest_route=\/wp\/v2\/pages"}],"about":[{"href":"https:\/\/wspomozycielka-lodz.pl\/index.php?rest_route=\/wp\/v2\/types\/page"}],"author":[{"embeddable":true,"href":"https:\/\/wspomozycielka-lodz.pl\/index.php?rest_route=\/wp\/v2\/users\/1"}],"replies":[{"embeddable":true,"href":"https:\/\/wspomozycielka-lodz.pl\/index.php?rest_route=%2Fwp%2Fv2%2Fcomments&post=161"}],"version-history":[{"count":1,"href":"https:\/\/wspomozycielka-lodz.pl\/index.php?rest_route=\/wp\/v2\/pages\/161\/revisions"}],"predecessor-version":[{"id":162,"href":"https:\/\/wspomozycielka-lodz.pl\/index.php?rest_route=\/wp\/v2\/pages\/161\/revisions\/162"}],"wp:featuredmedia":[{"embeddable":true,"href":"https:\/\/wspomozycielka-lodz.pl\/index.php?rest_route=\/wp\/v2\/media\/26"}],"wp:attachment":[{"href":"https:\/\/wspomozycielka-lodz.pl\/index.php?rest_route=%2Fwp%2Fv2%2Fmedia&parent=161"}],"curies":[{"name":"wp","href":"https:\/\/api.w.org\/{rel}","templated":true}]}}